{"id":18,"date":"2015-07-13T11:14:22","date_gmt":"2015-07-13T11:14:22","guid":{"rendered":"http:\/\/sfkbr.apps-1and1.net\/?page_id=18"},"modified":"2024-08-30T09:16:28","modified_gmt":"2024-08-30T09:16:28","slug":"links","status":"publish","type":"page","link":"https:\/\/schule-fuer-kinder-beruflich-reisender.de\/?page_id=18","title":{"rendered":"Links"},"content":{"rendered":"<div class=\"bildbox\">\n<div>\n<p><strong>Diese Seiten sind f\u00fcr Sie m\u00f6glicherweise auch von Interesse:<\/strong><\/p>\n<\/div>\n<\/div>\n<div class=\"bildbox\">\n<p><a href=\"https:\/\/schule-fuer-kinder-beruflich-reisender.de\/wp-content\/uploads\/2024\/08\/EVIM-Logo-2024.png\"><img loading=\"lazy\" decoding=\"async\" class=\"alignnone wp-image-1671 \" src=\"https:\/\/schule-fuer-kinder-beruflich-reisender.de\/wp-content\/uploads\/2024\/08\/EVIM-Logo-2024.png\" alt=\"\" width=\"97\" height=\"110\" \/><\/a><a href=\"http:\/\/www.evim.de\" target=\"_blank\" rel=\"noopener\"><br \/>\nwww.evim.de<\/a><br \/>\nHier erfahren Sie mehr \u00fcber den Tr\u00e4gerverein der Schule in Hessen.<\/p>\n<\/div>\n<p><a href=\"https:\/\/kultusministerium.hessen.de\/schule\/individuelle-foerderung\/unterricht-fuer-kinder-beruflich-reisender\"><img loading=\"lazy\" decoding=\"async\" class=\"alignnone size-full wp-image-236\" src=\"https:\/\/schule-fuer-kinder-beruflich-reisender.de\/wp-content\/uploads\/2015\/11\/Logo_HKM.png\" alt=\"Logo_HKM\" width=\"92\" height=\"113\" \/><br \/>\nhttps:\/\/kultusministerium.hessen.de<\/a><br \/>\nInformationen auf der Homepage des Hessisches Ministerium f\u00fcr Kultus, Bildung und Chancen<\/p>\n<p><a href=\"https:\/\/schule-fuer-kinder-beruflich-reisender.de\/wp-content\/uploads\/2015\/07\/banner-schuleimzirkus_120_63.gif\"><img loading=\"lazy\" decoding=\"async\" class=\"alignnone size-full wp-image-155\" src=\"https:\/\/schule-fuer-kinder-beruflich-reisender.de\/wp-content\/uploads\/2015\/07\/banner-schuleimzirkus_120_63.gif\" alt=\"banner schuleimzirkus_120_63\" width=\"120\" height=\"50\" \/><\/a><a href=\"http:\/\/blksuche.genloc.net\/\"><br \/>\nhttp:\/\/blksuche.genloc.net\/<br \/>\n<\/a>Bereichslehrersuche beim Verein &#8222;Schule im Circus e.V.&#8220;<\/p>\n<div class=\"bildbox\">\n<p>&nbsp;<\/p>\n<\/div>\n<div class=\"bildbox\">\n<p><a href=\"https:\/\/schule-fuer-kinder-beruflich-reisender.de\/wp-content\/uploads\/2015\/07\/Logo-Berufsschule-Nidda.png\"><img loading=\"lazy\" decoding=\"async\" class=\"alignnone size-full wp-image-276\" src=\"https:\/\/schule-fuer-kinder-beruflich-reisender.de\/wp-content\/uploads\/2015\/07\/Logo-Berufsschule-Nidda.png\" alt=\"Logo Berufsschule Nidda\" width=\"194\" height=\"95\" \/><\/a><a href=\"http:\/\/www.berufsschule-nidda.de\" target=\"_blank\" rel=\"noopener\"><br \/>\nwww.berufsschule-nidda.de<\/a><br \/>\nDer schnelle Weg zur hessischen Berufsschule f\u00fcr Kinder beruflich Reisender.<\/p>\n<\/div>\n<div class=\"bildbox\">\n<p><a href=\"https:\/\/schule-fuer-kinder-beruflich-reisender.de\/wp-content\/uploads\/2015\/07\/Logo-Ente.png\"><img loading=\"lazy\" decoding=\"async\" class=\"alignnone size-full wp-image-281\" src=\"https:\/\/schule-fuer-kinder-beruflich-reisender.de\/wp-content\/uploads\/2015\/07\/Logo-Ente.png\" alt=\"Logo - Ente\" width=\"150\" height=\"82\" \/><\/a><a href=\"http:\/\/www.ente.nu\" target=\"_blank\" rel=\"noopener\"><br \/>\nwww.ente.nu<\/a><br \/>\nENTE steht f\u00fcr das europ\u00e4ische Netzwerk zu allen Fragen rund um das Leben beruflich Reisender in Europa.<\/p>\n<\/div>\n<div class=\"bildbox\">\n<p><a href=\"https:\/\/schule-fuer-kinder-beruflich-reisender.de\/wp-content\/uploads\/2015\/07\/Logo-Schule-f\u00fcr-Cirkuskinder.png\"><img loading=\"lazy\" decoding=\"async\" class=\"alignnone size-medium wp-image-278\" src=\"https:\/\/schule-fuer-kinder-beruflich-reisender.de\/wp-content\/uploads\/2015\/07\/Logo-Schule-f\u00fcr-Cirkuskinder.png\" alt=\"Logo Schule f\u00fcr Cirkuskinder\" width=\"109\" height=\"104\" \/><\/a><a href=\"http:\/\/www.schulefuercircuskinder-nrw.de\" target=\"_blank\" rel=\"noopener\"><br \/>\nwww.schulefuercircuskinder-nrw.de<\/a><br \/>\nDie Schule f\u00fcr Circuskinder in Nordrhein-Westfalen.<\/p>\n<p><a href=\"https:\/\/schule-fuer-kinder-beruflich-reisender.de\/wp-content\/uploads\/2015\/07\/Logo_Berid_klein.png\"><img loading=\"lazy\" decoding=\"async\" class=\"alignnone size-full wp-image-233\" src=\"https:\/\/schule-fuer-kinder-beruflich-reisender.de\/wp-content\/uploads\/2015\/07\/Logo_Berid_klein.png\" alt=\"Logo_Berid_klein\" width=\"112\" height=\"45\" \/><\/a><br \/>\n<a href=\"http:\/\/www.schule-unterwegs.de\/berid\/\" target=\"_blank\" rel=\"noopener\">http:\/\/www.schule-unterwegs.de\/berid\/<\/a><br \/>\nBERiD &#8211; Bundesverband f\u00fcr die Bildung der Kinder beruflich Reisender<\/p>\n<\/div>\n<p><a href=\"https:\/\/schule-fuer-kinder-beruflich-reisender.de\/wp-content\/uploads\/2015\/07\/logosrswit.fw120.png\"><img loading=\"lazy\" decoding=\"async\" class=\"alignnone size-full wp-image-228\" src=\"https:\/\/schule-fuer-kinder-beruflich-reisender.de\/wp-content\/uploads\/2015\/07\/logosrswit.fw120.png\" alt=\"logosrswit.fw120\" width=\"120\" height=\"25\" \/><\/a><a href=\"http:\/\/www.rijdendeschool.nl\/\"><\/p>\n<div class=\"embed-privacy-container is-disabled embed-www-rijdendeschool-nl\" data-embed-id=\"oembed_7c4c48b13ca00376f5437d99f6ccd1fc\" data-embed-provider=\"www-rijdendeschool-nl\" style=\"aspect-ratio: 584\/329;\">\t\t\t\t\t\t<button type=\"button\" class=\"embed-privacy-enable screen-reader-text\">\u201e\u201cHome\u201d \u2014 Stichting Rijdende School\u201c von www.rijdendeschool.nl anzeigen<\/button>\t\t\t\t\t\t<\/p>\n<div class=\"embed-privacy-overlay\">\n<div class=\"embed-privacy-inner\">\n<p>\t\tHier klicken, um den Inhalt von www.rijdendeschool.nl anzuzeigen.\t\t<\/p>\n<p class=\"embed-privacy-input-wrapper\">\t\t\t<input id=\"embed-privacy-store-www-rijdendeschool-nl-7c4c48b13ca00376f5437d99f6ccd1fc\" type=\"checkbox\" value=\"1\" class=\"embed-privacy-input\" data-embed-provider=\"www-rijdendeschool-nl\">\t\t\t<label for=\"embed-privacy-store-www-rijdendeschool-nl-7c4c48b13ca00376f5437d99f6ccd1fc\" class=\"embed-privacy-label\" data-embed-provider=\"www-rijdendeschool-nl\">\t\t\t\tInhalt von www.rijdendeschool.nl immer anzeigen\t\t\t<\/label>\t\t<\/p>\n<\/p><\/div>\n<div class=\"embed-privacy-footer\"><span class=\"embed-privacy-url\"><a href=\"http:\/\/www.rijdendeschool.nl\/\">\u201e\u201cHome\u201d \u2014 Stichting Rijdende School\u201c direkt \u00f6ffnen<\/a><\/span><\/div>\n<\/p><\/div>\n<div class=\"embed-privacy-content\">\t\t\t\t<script>var _oembed_7c4c48b13ca00376f5437d99f6ccd1fc = '{\\\"embed\\\":\\\"&lt;blockquote class=&quot;wp-embedded-content&quot; data-secret=&quot;p5VTrYhuik&quot;&gt;&lt;a href=&quot;https:\\\\\/\\\\\/rijdendeschool.nl\\\\\/&quot;&gt;Home&lt;\\\\\/a&gt;&lt;\\\\\/blockquote&gt;&lt;iframe class=&quot;wp-embedded-content&quot; sandbox=&quot;allow-scripts&quot; security=&quot;restricted&quot; style=&quot;position: absolute; visibility: hidden;&quot; title=&quot;&amp;#8220;Home&amp;#8221; &amp;#8212; Stichting Rijdende School&quot; src=&quot;https:\\\\\/\\\\\/rijdendeschool.nl\\\\\/embed\\\\\/#?secret=1TH6yiGpL2#?secret=p5VTrYhuik&quot; data-secret=&quot;p5VTrYhuik&quot; width=&quot;584&quot; height=&quot;329&quot; frameborder=&quot;0&quot; marginwidth=&quot;0&quot; marginheight=&quot;0&quot; scrolling=&quot;no&quot;&gt;&lt;\\\\\/iframe&gt;\\\"}';<\/script>\t\t\t<\/div>\n<\/p><\/div>\n<p><\/a>Die niederl\u00e4ndischen Kollege_innen der &#8222;Stichting rijdende School&#8220; arbeiten bereits seit 60 Jahren mit reisenden Kindern.<\/p>\n","protected":false},"excerpt":{"rendered":"<p>Diese Seiten sind f\u00fcr Sie m\u00f6glicherweise auch von Interesse: www.evim.de Hier erfahren Sie mehr \u00fcber den Tr\u00e4gerverein der Schule in Hessen. https:\/\/kultusministerium.hessen.de Informationen auf der Homepage des Hessisches Ministerium f\u00fcr Kultus, Bildung und Chancen http:\/\/blksuche.genloc.net\/ Bereichslehrersuche beim Verein &#8222;Schule im &hellip; <a href=\"https:\/\/schule-fuer-kinder-beruflich-reisender.de\/?page_id=18\">Weiterlesen <span class=\"meta-nav\">&rarr;<\/span><\/a><\/p>\n","protected":false},"author":4,"featured_media":0,"parent":0,"menu_order":0,"comment_status":"closed","ping_status":"closed","template":"","meta":{"footnotes":""},"class_list":["post-18","page","type-page","status-publish","hentry"],"_links":{"self":[{"href":"https:\/\/schule-fuer-kinder-beruflich-reisender.de\/index.php?rest_route=\/wp\/v2\/pages\/18","targetHints":{"allow":["GET"]}}],"collection":[{"href":"https:\/\/schule-fuer-kinder-beruflich-reisender.de\/index.php?rest_route=\/wp\/v2\/pages"}],"about":[{"href":"https:\/\/schule-fuer-kinder-beruflich-reisender.de\/index.php?rest_route=\/wp\/v2\/types\/page"}],"author":[{"embeddable":true,"href":"https:\/\/schule-fuer-kinder-beruflich-reisender.de\/index.php?rest_route=\/wp\/v2\/users\/4"}],"replies":[{"embeddable":true,"href":"https:\/\/schule-fuer-kinder-beruflich-reisender.de\/index.php?rest_route=%2Fwp%2Fv2%2Fcomments&post=18"}],"version-history":[{"count":19,"href":"https:\/\/schule-fuer-kinder-beruflich-reisender.de\/index.php?rest_route=\/wp\/v2\/pages\/18\/revisions"}],"predecessor-version":[{"id":1677,"href":"https:\/\/schule-fuer-kinder-beruflich-reisender.de\/index.php?rest_route=\/wp\/v2\/pages\/18\/revisions\/1677"}],"wp:attachment":[{"href":"https:\/\/schule-fuer-kinder-beruflich-reisender.de\/index.php?rest_route=%2Fwp%2Fv2%2Fmedia&parent=18"}],"curies":[{"name":"wp","href":"https:\/\/api.w.org\/{rel}","templated":true}]}}